{"id":1058,"date":"2025-07-16T09:02:56","date_gmt":"2025-07-16T07:02:56","guid":{"rendered":"https:\/\/www.farmaciatermes.com\/sobre-nosaltres\/"},"modified":"2026-04-16T13:14:29","modified_gmt":"2026-04-16T11:14:29","slug":"sobre-nosaltres","status":"publish","type":"page","link":"https:\/\/www.farmaciatermes.com\/ca\/sobre-nosaltres\/","title":{"rendered":"Sobre nosaltres"},"content":{"rendered":"<p>[et_pb_section fb_built=&#8221;1&#8243; fullwidth=&#8221;on&#8221; _builder_version=&#8221;4.27.4&#8243; _module_preset=&#8221;default&#8221; top_divider_style=&#8221;wave2&#8243; top_divider_color=&#8221;#FFFFFF&#8221; top_divider_height=&#8221;55px&#8221; top_divider_repeat=&#8221;2x&#8221; top_divider_flip=&#8221;horizontal&#8221; bottom_divider_style=&#8221;curve2&#8243; bottom_divider_color=&#8221;#FFFFFF&#8221; global_colors_info=&#8221;{}&#8221;][et_pb_fullwidth_slider _builder_version=&#8221;4.27.4&#8243; _module_preset=&#8221;default&#8221; global_colors_info=&#8221;{}&#8221;][et_pb_slide heading=&#8221;Con\u00f3cenos: tu salud, nuestra prioridad&#8221; _builder_version=&#8221;4.27.4&#8243; _module_preset=&#8221;default&#8221; header_level=&#8221;h1&#8243; header_font=&#8221;|800|||||||&#8221; header_font_size=&#8221;56px&#8221; background_color=&#8221;rgba(0,0,0,0.5)&#8221; background_enable_color=&#8221;on&#8221; background_image=&#8221;https:\/\/www.farmaciatermes.com\/wp-content\/uploads\/2025\/07\/CRS9703-scaled.jpg&#8221; background_enable_image=&#8221;on&#8221; background_blend=&#8221;multiply&#8221; header_font_size_tablet=&#8221;56px&#8221; header_font_size_phone=&#8221;47px&#8221; header_font_size_last_edited=&#8221;on|phone&#8221; global_colors_info=&#8221;{}&#8221; sticky_transition=&#8221;on&#8221;]<\/p>\n<p data-start=\"141\" data-end=\"410\"><strong>A Farm\u00e0cia Termes combinem experi\u00e8ncia, innovaci\u00f3 i proximitat per oferir-te un servei professional, personalitzat i adaptat a les teves necessitats. <span>El nostre comprom\u00eds amb la teva salut \u00e9s constant.<\/span><\/strong><\/p>\n<p>[\/et_pb_slide][\/et_pb_fullwidth_slider][\/et_pb_section][et_pb_section fb_built=&#8221;1&#8243; custom_padding_last_edited=&#8221;on|tablet&#8221; next_background_color=&#8221;#ffffff&#8221; admin_label=&#8221;Hero&#8221; _builder_version=&#8221;4.27.4&#8243; use_background_color_gradient=&#8221;on&#8221; background_color_gradient_type=&#8221;circular&#8221; background_color_gradient_direction_radial=&#8221;top right&#8221; background_color_gradient_stops=&#8221;rgba(255,255,255,0) 0%|rgba(1,77,183,0.9) 83%&#8221; background_color_gradient_overlays_image=&#8221;on&#8221; background_color_gradient_start=&#8221;rgba(255,255,255,0)&#8221; background_color_gradient_start_position=&#8221;20%&#8221; background_color_gradient_end=&#8221;rgba(1,77,183,0.9)&#8221; background_image=&#8221;https:\/\/www.farmaciatermes.com\/wp-content\/uploads\/2025\/07\/CRS9780-scaled.jpg&#8221; custom_padding=&#8221;110px|0px|110px|0px|true|false&#8221; custom_padding_tablet=&#8221;50px||50px||true&#8221; custom_padding_phone=&#8221;|||&#8221; bottom_divider_style=&#8221;asymmetric&#8221; bottom_divider_height=&#8221;50px&#8221; bottom_divider_flip=&#8221;horizontal&#8221; bottom_divider_height_tablet=&#8221;90px&#8221; bottom_divider_height_phone=&#8221;80px&#8221; global_colors_info=&#8221;{}&#8221;][et_pb_row column_structure=&#8221;2_3,1_3&#8243; _builder_version=&#8221;4.16&#8243; custom_width_px=&#8221;1280px&#8221; global_colors_info=&#8221;{}&#8221;][et_pb_column type=&#8221;2_3&#8243; _builder_version=&#8221;4.16&#8243; custom_padding=&#8221;|||&#8221; global_colors_info=&#8221;{}&#8221; custom_padding__hover=&#8221;|||&#8221;][et_pb_text _builder_version=&#8221;4.27.4&#8243; text_font=&#8221;Montserrat|600||on|||||&#8221; text_text_color=&#8221;rgba(255,255,255,0.66)&#8221; text_font_size=&#8221;16px&#8221; text_line_height=&#8221;1.8em&#8221; header_font=&#8221;Montserrat|700|||||||&#8221; header_font_size=&#8221;44px&#8221; header_line_height=&#8221;1.4em&#8221; header_2_font=&#8221;Montserrat|700|||||||&#8221; header_2_font_size=&#8221;44px&#8221; header_2_line_height=&#8221;1.4em&#8221; header_6_font=&#8221;Montserrat|600||on|||||&#8221; header_6_text_color=&#8221;rgba(255,255,255,0.7)&#8221; header_6_font_size=&#8221;16px&#8221; header_6_letter_spacing=&#8221;2px&#8221; header_6_line_height=&#8221;1.5em&#8221; background_layout=&#8221;dark&#8221; max_width=&#8221;780px&#8221; custom_padding=&#8221;50px|||||&#8221; text_font_size_tablet=&#8221;&#8221; text_font_size_phone=&#8221;15px&#8221; text_font_size_last_edited=&#8221;on|phone&#8221; header_font_size_tablet=&#8221;&#8221; header_font_size_phone=&#8221;28px&#8221; header_font_size_last_edited=&#8221;on|phone&#8221; header_2_font_size_tablet=&#8221;44px&#8221; header_2_font_size_phone=&#8221;28px&#8221; header_2_font_size_last_edited=&#8221;on|phone&#8221; global_colors_info=&#8221;{}&#8221;]<\/p>\n<p>Experi\u00e8ncia, Innovaci\u00f3, Atenci\u00f3.<\/p>\n<p>[\/et_pb_text][et_pb_text _builder_version=&#8221;4.27.4&#8243; text_font=&#8221;Montserrat||||||||&#8221; text_text_color=&#8221;#FFFFFF&#8221; text_font_size=&#8221;20px&#8221; text_line_height=&#8221;1.8em&#8221; header_font=&#8221;Montserrat|700|||||||&#8221; header_font_size=&#8221;44px&#8221; header_line_height=&#8221;1.4em&#8221; header_2_font=&#8221;Montserrat|700|||||||&#8221; header_2_font_size=&#8221;44px&#8221; header_2_line_height=&#8221;1.4em&#8221; header_6_font=&#8221;Montserrat|600||on|||||&#8221; header_6_text_color=&#8221;rgba(255,255,255,0.7)&#8221; header_6_font_size=&#8221;16px&#8221; header_6_letter_spacing=&#8221;2px&#8221; header_6_line_height=&#8221;1.5em&#8221; background_layout=&#8221;dark&#8221; max_width=&#8221;780px&#8221; custom_padding=&#8221;0px|||||&#8221; text_font_size_tablet=&#8221;&#8221; text_font_size_phone=&#8221;15px&#8221; text_font_size_last_edited=&#8221;on|phone&#8221; header_font_size_tablet=&#8221;&#8221; header_font_size_phone=&#8221;28px&#8221; header_font_size_last_edited=&#8221;on|phone&#8221; header_2_font_size_tablet=&#8221;44px&#8221; header_2_font_size_phone=&#8221;28px&#8221; header_2_font_size_last_edited=&#8221;on|phone&#8221; global_colors_info=&#8221;{}&#8221;]<\/p>\n<h2>Qui som.<\/h2>\n<p style=\"text-align: justify;\">A Farm\u00e0cia Termes combinem experi\u00e8ncia, innovaci\u00f3 i proximitat per oferir-te un servei professional, personalitzat i adaptat a les teves necessitats. El nostre objectiu: cuidar de la teva salut <strong data-start=\"444\" data-end=\"456\">\u201csempre\u201d<\/strong>, amb responsabilitat i vocaci\u00f3. <\/p>\n<p>[\/et_pb_text][\/et_pb_column][et_pb_column type=&#8221;1_3&#8243; _builder_version=&#8221;4.16&#8243; custom_padding=&#8221;|||&#8221; global_colors_info=&#8221;{}&#8221; custom_padding__hover=&#8221;|||&#8221;][\/et_pb_column][\/et_pb_row][\/et_pb_section][et_pb_section fb_built=&#8221;1&#8243; fullwidth=&#8221;on&#8221; _builder_version=&#8221;4.27.4&#8243; _module_preset=&#8221;default&#8221; global_colors_info=&#8221;{}&#8221;][\/et_pb_section][et_pb_section fb_built=&#8221;1&#8243; admin_label=&#8221;About&#8221; _builder_version=&#8221;4.16&#8243; use_background_color_gradient=&#8221;on&#8221; background_color_gradient_direction=&#8221;90deg&#8221; background_color_gradient_stops=&#8221;rgba(255,255,255,0) 0%|#ffffff 50%&#8221; background_color_gradient_overlays_image=&#8221;on&#8221; background_color_gradient_start=&#8221;rgba(255,255,255,0)&#8221; background_color_gradient_end=&#8221;#ffffff&#8221; background_color_gradient_end_position=&#8221;50%&#8221; background_image=&#8221;https:\/\/www.farmaciatermes.com\/wp-content\/uploads\/2025\/07\/pharmacy-15.jpg&#8221; background_position=&#8221;center_left&#8221; custom_padding=&#8221;0px|||||&#8221; global_colors_info=&#8221;{}&#8221;][et_pb_row column_structure=&#8221;1_2,1_2&#8243; _builder_version=&#8221;4.16&#8243; global_colors_info=&#8221;{}&#8221;][et_pb_column type=&#8221;1_2&#8243; _builder_version=&#8221;4.16&#8243; custom_padding=&#8221;|||&#8221; global_colors_info=&#8221;{}&#8221; custom_padding__hover=&#8221;|||&#8221;][et_pb_image src=&#8221;https:\/\/www.farmaciatermes.com\/wp-content\/uploads\/2025\/07\/CRS9764-scaled.jpg&#8221; alt=&#8221;La nostra filosofia.&#8221; title_text=&#8221;Nuestra filosof\u00eda&#8221; _builder_version=&#8221;4.27.4&#8243; _module_preset=&#8221;default&#8221; global_colors_info=&#8221;{}&#8221;][\/et_pb_image][\/et_pb_column][et_pb_column type=&#8221;1_2&#8243; _builder_version=&#8221;4.16&#8243; custom_padding=&#8221;|||&#8221; global_colors_info=&#8221;{}&#8221; custom_padding__hover=&#8221;|||&#8221;][et_pb_text _builder_version=&#8221;4.27.4&#8243; text_font=&#8221;Montserrat|600||on|||||&#8221; text_text_color=&#8221;#ffb342&#8243; text_font_size=&#8221;18px&#8221; text_line_height=&#8221;1.8em&#8221; link_font=&#8221;Montserrat|700|||||||&#8221; link_text_color=&#8221;#fa546d&#8221; link_font_size=&#8221;22px&#8221; link_line_height=&#8221;1.5em&#8221; header_font=&#8221;||||||||&#8221; header_2_font=&#8221;Montserrat|700|||||||&#8221; header_2_font_size=&#8221;40px&#8221; header_2_line_height=&#8221;1.4em&#8221; header_6_font=&#8221;Montserrat|600||on|||||&#8221; header_6_text_color=&#8221;#ffb342&#8243; header_6_font_size=&#8221;16px&#8221; header_6_letter_spacing=&#8221;2px&#8221; header_6_line_height=&#8221;1.5em&#8221; max_width_last_edited=&#8221;off|desktop&#8221; module_alignment=&#8221;left&#8221; custom_margin=&#8221;|||&#8221; custom_padding=&#8221;|||&#8221; header_2_font_size_tablet=&#8221;&#8221; header_2_font_size_phone=&#8221;24px&#8221; header_2_font_size_last_edited=&#8221;on|phone&#8221; global_colors_info=&#8221;{}&#8221;]<\/p>\n<p>Escoltar, Entendre, Cuidar.<\/p>\n<p>[\/et_pb_text][et_pb_text _builder_version=&#8221;4.27.4&#8243; text_font=&#8221;Montserrat||||||||&#8221; text_font_size=&#8221;16px&#8221; text_line_height=&#8221;1.8em&#8221; link_font=&#8221;Montserrat|700|||||||&#8221; link_text_color=&#8221;#fa546d&#8221; link_font_size=&#8221;22px&#8221; link_line_height=&#8221;1.5em&#8221; header_font=&#8221;||||||||&#8221; header_2_font=&#8221;Montserrat|700|||||||&#8221; header_2_font_size=&#8221;40px&#8221; header_2_line_height=&#8221;1.4em&#8221; header_6_font=&#8221;Montserrat|600||on|||||&#8221; header_6_text_color=&#8221;#ffb342&#8243; header_6_font_size=&#8221;16px&#8221; header_6_letter_spacing=&#8221;2px&#8221; header_6_line_height=&#8221;1.5em&#8221; max_width_last_edited=&#8221;off|desktop&#8221; module_alignment=&#8221;left&#8221; custom_margin=&#8221;-18px|||||&#8221; custom_padding=&#8221;|||&#8221; header_2_font_size_tablet=&#8221;&#8221; header_2_font_size_phone=&#8221;24px&#8221; header_2_font_size_last_edited=&#8221;on|phone&#8221; global_colors_info=&#8221;{}&#8221;]<\/p>\n<h2>La nostra filosofia.<\/h2>\n<p style=\"text-align: justify;\">Creiem que cada persona \u00e9s \u00fanica. Per aix\u00f2, escoltem amb atenci\u00f3 per entendre la teva situaci\u00f3 i oferir-te el millor consell o tractament. La qualitat del temps que dediquem a cada pacient \u00e9s el que ens diferencia.  <\/p>\n<p>[\/et_pb_text][\/et_pb_column][\/et_pb_row][\/et_pb_section][et_pb_section fb_built=&#8221;1&#8243; _builder_version=&#8221;4.16&#8243; background_color=&#8221;#edeffa&#8221; custom_padding=&#8221;||5px|||&#8221; global_colors_info=&#8221;{}&#8221;][et_pb_row column_structure=&#8221;1_2,1_2&#8243; _builder_version=&#8221;4.16&#8243; global_colors_info=&#8221;{}&#8221;][et_pb_column type=&#8221;1_2&#8243; _builder_version=&#8221;4.16&#8243; custom_padding=&#8221;30px|||&#8221; custom_padding_tablet=&#8221;0px|||&#8221; custom_padding_phone=&#8221;0px|||&#8221; custom_padding_last_edited=&#8221;on|tablet&#8221; global_colors_info=&#8221;{}&#8221; padding_tablet=&#8221;0px|||&#8221; padding_last_edited=&#8221;on|tablet&#8221; custom_padding__hover=&#8221;|||&#8221; padding_phone=&#8221;0px|||&#8221;][et_pb_text _builder_version=&#8221;4.27.4&#8243; text_font=&#8221;Montserrat|600||on|||||&#8221; text_text_color=&#8221;#fa546d&#8221; text_font_size=&#8221;18px&#8221; text_line_height=&#8221;1.8em&#8221; link_font=&#8221;Montserrat|700|||||||&#8221; link_text_color=&#8221;#fa546d&#8221; link_font_size=&#8221;22px&#8221; link_line_height=&#8221;1.5em&#8221; header_font=&#8221;||||||||&#8221; header_2_font=&#8221;Montserrat|700|||||||&#8221; header_2_font_size=&#8221;40px&#8221; header_2_line_height=&#8221;1.4em&#8221; header_6_font=&#8221;Montserrat|600||on|||||&#8221; header_6_text_color=&#8221;#fa546d&#8221; header_6_font_size=&#8221;16px&#8221; header_6_letter_spacing=&#8221;2px&#8221; header_6_line_height=&#8221;1.5em&#8221; max_width_last_edited=&#8221;off|desktop&#8221; module_alignment=&#8221;left&#8221; custom_margin=&#8221;|||&#8221; custom_padding=&#8221;|||&#8221; header_2_font_size_tablet=&#8221;&#8221; header_2_font_size_phone=&#8221;24px&#8221; header_2_font_size_last_edited=&#8221;on|phone&#8221; locked=&#8221;off&#8221; global_colors_info=&#8221;{}&#8221;]<\/p>\n<p>Tradici\u00f3, Evoluci\u00f3 i Futur.<\/p>\n<p>[\/et_pb_text][et_pb_text _builder_version=&#8221;4.27.4&#8243; text_font=&#8221;Montserrat||||||||&#8221; text_font_size=&#8221;16px&#8221; text_line_height=&#8221;1.8em&#8221; link_font=&#8221;Montserrat|700|||||||&#8221; link_text_color=&#8221;#fa546d&#8221; link_font_size=&#8221;22px&#8221; link_line_height=&#8221;1.5em&#8221; header_font=&#8221;||||||||&#8221; header_2_font=&#8221;Montserrat|700|||||||&#8221; header_2_font_size=&#8221;40px&#8221; header_2_line_height=&#8221;1.4em&#8221; header_6_font=&#8221;Montserrat|600||on|||||&#8221; header_6_text_color=&#8221;#fa546d&#8221; header_6_font_size=&#8221;16px&#8221; header_6_letter_spacing=&#8221;2px&#8221; header_6_line_height=&#8221;1.5em&#8221; max_width_last_edited=&#8221;off|desktop&#8221; module_alignment=&#8221;left&#8221; custom_margin=&#8221;-21px|||||&#8221; custom_padding=&#8221;|||&#8221; header_2_font_size_tablet=&#8221;&#8221; header_2_font_size_phone=&#8221;24px&#8221; header_2_font_size_last_edited=&#8221;on|phone&#8221; locked=&#8221;off&#8221; global_colors_info=&#8221;{}&#8221;]<\/p>\n<h2>Nuestra historia<\/h2>\n<p data-start=\"82\" data-end=\"340\" style=\"text-align: justify;\"><strong data-start=\"82\" data-end=\"338\">FFarm\u00e0cia Termes<\/strong> \u00e9s, des dels seus inicis, un negoci familiar amb una llarga tradici\u00f3. <strong data-start=\"82\" data-end=\"338\">Tot va comen\u00e7ar el 1964, quan la M. Teresa Termes Estradera, mare de l\u2019actual titular, va adquirir la farm\u00e0cia i la llic\u00e8ncia al Dr. Loanco, un farmac\u00e8utic sense descend\u00e8ncia.<\/strong><\/p>\n<p data-start=\"342\" data-end=\"738\" style=\"text-align: justify;\">Nascuda a l\u2019Hospitalet el 1936, Teresa va ser una dona pionera: va aconseguir el Premi Extraordinari de Llicenciatura en Farm\u00e0cia quan poques dones accedien a la universitat. D\u2019origen humil, va estudiar batxillerat nocturn i, amb esfor\u00e7, va obrir la seva pr\u00f2pia farm\u00e0cia el 1964, convertint-se en titular de l\u2019oficina n\u00famero 73 de la prov\u00edncia de Barcelona. Va morir el 2025, deixant un llegat inesborrable.  <\/p>\n<p data-start=\"740\" data-end=\"935\" style=\"text-align: justify;\"><strong data-start=\"740\" data-end=\"933\">Posteriormente, Teresa Huguet Termes, licenciada y doctora en Farmacia, tom\u00f3 el relevo, asegurando la continuidad del proyecto con dedicaci\u00f3n y compromiso, siempre con el respaldo familiar.<\/strong><\/p>\n<p data-start=\"937\" data-end=\"1054\" style=\"text-align: justify;\">Al llarg dels anys, la farm\u00e0cia ha sabut adaptar-se als canvis sense perdre la seva ess\u00e8ncia i vocaci\u00f3 de servei.<\/p>\n<p data-start=\"1056\" data-end=\"1238\" style=\"text-align: justify;\"><strong data-start=\"1056\" data-end=\"1236\">Avui afrontem un nou repte: evolucionar cap a una gesti\u00f3 m\u00e9s aut\u00f2noma i digital, apostant per la innovaci\u00f3 sense renunciar a la proximitat i la confian\u00e7a que ens caracteritzen.<\/strong><\/p>\n<p>[\/et_pb_text][\/et_pb_column][et_pb_column type=&#8221;1_2&#8243; _builder_version=&#8221;4.16&#8243; custom_padding=&#8221;30px|||&#8221; custom_padding_tablet=&#8221;0px|||&#8221; custom_padding_phone=&#8221;0px|||&#8221; custom_padding_last_edited=&#8221;on|tablet&#8221; global_colors_info=&#8221;{}&#8221; padding_tablet=&#8221;0px|||&#8221; padding_last_edited=&#8221;on|tablet&#8221; custom_padding__hover=&#8221;|||&#8221; padding_phone=&#8221;0px|||&#8221;][et_pb_image src=&#8221;https:\/\/www.farmaciatermes.com\/wp-content\/uploads\/2025\/07\/fundadora.png&#8221; alt=&#8221;M. Teresa Termes &#8211; Fundadora de Farm\u00e0cia Termes.&#8221; title_text=&#8221;M. Teresa Termes &#8211; Fundadora de Farm\u00e0cia Termes.&#8221; _builder_version=&#8221;4.27.4&#8243; _module_preset=&#8221;default&#8221; global_colors_info=&#8221;{}&#8221;][\/et_pb_image][et_pb_text _builder_version=&#8221;4.27.4&#8243; _module_preset=&#8221;default&#8221; custom_margin=&#8221;-22px|||||&#8221; global_colors_info=&#8221;{}&#8221;]<\/p>\n<p style=\"text-align: center;\"><span style=\"color: #ff0000;\"><strong>M. Teresa Termes<\/strong><\/span> &#8211; <strong>Fundadora de Farm\u00e0cia Termes.<\/strong><\/p>\n<p>[\/et_pb_text][et_pb_gallery gallery_ids=&#8221;409,413,411,432&#8243; fullwidth=&#8221;on&#8221; _builder_version=&#8221;4.27.4&#8243; _module_preset=&#8221;default&#8221; global_colors_info=&#8221;{}&#8221;][\/et_pb_gallery][\/et_pb_column][\/et_pb_row][\/et_pb_section][et_pb_section fb_built=&#8221;1&#8243; admin_label=&#8221;Team&#8221; _builder_version=&#8221;4.16&#8243; global_colors_info=&#8221;{}&#8221;][et_pb_row _builder_version=&#8221;4.16&#8243; global_colors_info=&#8221;{}&#8221;][et_pb_column type=&#8221;4_4&#8243; _builder_version=&#8221;4.16&#8243; custom_padding=&#8221;|||&#8221; global_colors_info=&#8221;{}&#8221; custom_padding__hover=&#8221;|||&#8221;][et_pb_text _builder_version=&#8221;4.27.4&#8243; text_font=&#8221;Montserrat|600||on|||||&#8221; text_text_color=&#8221;#fa546d&#8221; text_font_size=&#8221;18px&#8221; text_line_height=&#8221;1.8em&#8221; link_font=&#8221;Montserrat|700|||||||&#8221; link_text_color=&#8221;#fa546d&#8221; link_font_size=&#8221;22px&#8221; link_line_height=&#8221;1.5em&#8221; header_font=&#8221;||||||||&#8221; header_2_font=&#8221;Montserrat|700|||||||&#8221; header_2_font_size=&#8221;40px&#8221; header_2_line_height=&#8221;1.4em&#8221; header_6_font=&#8221;Montserrat|600||on|||||&#8221; header_6_text_color=&#8221;#fa546d&#8221; header_6_font_size=&#8221;16px&#8221; header_6_letter_spacing=&#8221;2px&#8221; header_6_line_height=&#8221;1.5em&#8221; text_orientation=&#8221;center&#8221; max_width=&#8221;700px&#8221; max_width_last_edited=&#8221;off|desktop&#8221; module_alignment=&#8221;center&#8221; custom_margin=&#8221;|||&#8221; custom_padding=&#8221;|||&#8221; header_2_font_size_tablet=&#8221;&#8221; header_2_font_size_phone=&#8221;24px&#8221; header_2_font_size_last_edited=&#8221;on|phone&#8221; global_colors_info=&#8221;{}&#8221;]<\/p>\n<p>Comprom\u00eds, Proximitat i Professionalitat.<\/p>\n<p>[\/et_pb_text][et_pb_text _builder_version=&#8221;4.27.4&#8243; text_font=&#8221;Montserrat||||||||&#8221; text_font_size=&#8221;16px&#8221; text_line_height=&#8221;1.8em&#8221; link_font=&#8221;Montserrat|700|||||||&#8221; link_text_color=&#8221;#fa546d&#8221; link_font_size=&#8221;22px&#8221; link_line_height=&#8221;1.5em&#8221; header_font=&#8221;||||||||&#8221; header_2_font=&#8221;Montserrat|700|||||||&#8221; header_2_font_size=&#8221;40px&#8221; header_2_line_height=&#8221;1.4em&#8221; header_6_font=&#8221;Montserrat|600||on|||||&#8221; header_6_text_color=&#8221;#fa546d&#8221; header_6_font_size=&#8221;16px&#8221; header_6_letter_spacing=&#8221;2px&#8221; header_6_line_height=&#8221;1.5em&#8221; text_orientation=&#8221;center&#8221; max_width=&#8221;700px&#8221; max_width_last_edited=&#8221;off|desktop&#8221; module_alignment=&#8221;center&#8221; custom_margin=&#8221;-20px|||||&#8221; custom_padding=&#8221;|||&#8221; header_2_font_size_tablet=&#8221;&#8221; header_2_font_size_phone=&#8221;24px&#8221; header_2_font_size_last_edited=&#8221;on|phone&#8221; global_colors_info=&#8221;{}&#8221;]<\/p>\n<h2>El nostre equip.<\/h2>\n<p>[\/et_pb_text][\/et_pb_column][\/et_pb_row][et_pb_row column_structure=&#8221;1_3,1_3,1_3&#8243; _builder_version=&#8221;4.27.4&#8243; _module_preset=&#8221;default&#8221; global_colors_info=&#8221;{}&#8221;][et_pb_column type=&#8221;1_3&#8243; _builder_version=&#8221;4.27.4&#8243; _module_preset=&#8221;default&#8221; global_colors_info=&#8221;{}&#8221;][et_pb_image src=&#8221;https:\/\/www.farmaciatermes.com\/wp-content\/uploads\/2025\/07\/teresa-huguet-vs2.jpg&#8221; alt=&#8221;Teresa Huguet&#8221; title_text=&#8221;Foto de Teresa Huguet&#8221; _builder_version=&#8221;4.27.4&#8243; _module_preset=&#8221;default&#8221; background_color=&#8221;#00b8ec&#8221; height=&#8221;250px&#8221; custom_css_main_element=&#8221;border-radius: 10px;&#8221; border_radii=&#8221;on|10px|10px|10px|10px&#8221; global_colors_info=&#8221;{}&#8221;][\/et_pb_image][et_pb_text _builder_version=&#8221;4.27.4&#8243; _module_preset=&#8221;default&#8221; header_font=&#8221;Montserrat|700|||||||&#8221; header_font_size=&#8221;24px&#8221; header_3_font=&#8221;|700|||||||&#8221; header_3_font_size=&#8221;18px&#8221; custom_margin=&#8221;||11px|||&#8221; global_colors_info=&#8221;{}&#8221;]<\/p>\n<h3>Teresa Huguet<\/h3>\n<p>[\/et_pb_text][et_pb_text _builder_version=&#8221;4.27.4&#8243; _module_preset=&#8221;default&#8221; text_font=&#8221;Montserrat||||||||&#8221; text_text_color=&#8221;#5daad4&#8243; header_font=&#8221;Montserrat|700|||||||&#8221; header_font_size=&#8221;24px&#8221; header_3_font=&#8221;|700|||||||&#8221; header_3_font_size=&#8221;18px&#8221; custom_margin=&#8221;-12px||10px|||&#8221; global_colors_info=&#8221;{}&#8221;]<\/p>\n<p>Farmac\u00e8utica titular.<\/p>\n<p>[\/et_pb_text][et_pb_text _builder_version=&#8221;4.27.4&#8243; _module_preset=&#8221;default&#8221; text_font=&#8221;Montserrat||||||||&#8221; text_font_size=&#8221;12px&#8221; global_colors_info=&#8221;{}&#8221;]<\/p>\n<p style=\"text-align: justify;\"><span>De l\u2019oficina de farm\u00e0cia 0073 de la Prov\u00edncia de Barcelona. Filla de la tamb\u00e9 farmac\u00e8utica, Teresa Termes Estradera (fundadora de Farm\u00e0cia Termes). Actualment \u00e9s tamb\u00e9 professora associada del Departament d\u2019Hist\u00f2ria i Legislaci\u00f3 de la Facultat de Farm\u00e0cia de Barcelona. \u00c9s la directora t\u00e8cnica de Farm\u00e0cia Termes des del 2001. \u00c9s la continuadora de la vocaci\u00f3 de servei farmac\u00e8utic de Teresa Termes Estradera.     <\/span><\/p>\n<p>[\/et_pb_text][\/et_pb_column][et_pb_column type=&#8221;1_3&#8243; _builder_version=&#8221;4.27.4&#8243; _module_preset=&#8221;default&#8221; global_colors_info=&#8221;{}&#8221;][et_pb_image src=&#8221;https:\/\/www.farmaciatermes.com\/wp-content\/uploads\/2025\/07\/juan-carlos-porta-2.png&#8221; alt=&#8221;Joan Carles Porta Jorba&#8221; title_text=&#8221;juan-carlos-porta&#8221; _builder_version=&#8221;4.27.4&#8243; _module_preset=&#8221;default&#8221; background_color=&#8221;#00b8ec&#8221; height=&#8221;250px&#8221; custom_css_main_element=&#8221;border-radius: 10px;&#8221; border_radii=&#8221;on|10px|10px|10px|10px&#8221; global_colors_info=&#8221;{}&#8221;][\/et_pb_image][et_pb_text _builder_version=&#8221;4.27.4&#8243; _module_preset=&#8221;default&#8221; header_font=&#8221;Montserrat|700|||||||&#8221; header_font_size=&#8221;24px&#8221; header_3_font=&#8221;|700|||||||&#8221; header_3_font_size=&#8221;18px&#8221; custom_margin=&#8221;||11px|||&#8221; global_colors_info=&#8221;{}&#8221;]<\/p>\n<h3>Joan Carles Porta Jorba<\/h3>\n<p>[\/et_pb_text][et_pb_text _builder_version=&#8221;4.27.4&#8243; _module_preset=&#8221;default&#8221; text_font=&#8221;Montserrat||||||||&#8221; text_text_color=&#8221;#5daad4&#8243; header_font=&#8221;Montserrat|700|||||||&#8221; header_font_size=&#8221;24px&#8221; header_3_font=&#8221;|700|||||||&#8221; header_3_font_size=&#8221;18px&#8221; custom_margin=&#8221;-12px||10px|||&#8221; global_colors_info=&#8221;{}&#8221;]<\/p>\n<p><span>Farmac\u00e8utic substitut.<\/span><\/p>\n<p>[\/et_pb_text][et_pb_text _builder_version=&#8221;4.27.4&#8243; _module_preset=&#8221;default&#8221; text_font=&#8221;Montserrat||||||||&#8221; text_font_size=&#8221;12px&#8221; global_colors_info=&#8221;{}&#8221;]<\/p>\n<p style=\"text-align: justify;\"><span>Des del<\/span> <b>3 de juliol de 2017.<\/b> <span>Exercix de supervisor de tots els protocols implementats per instrucci\u00f3 de l\u2019Il\u00b7lustre Col\u00b7legi de Farmac\u00e8utics de la Prov\u00edncia de Barcelona. \u00c9s garant de l\u2019observan\u00e7a i respecte a tots els protocols de dispensaci\u00f3, signatura i validaci\u00f3 que marquen les normatives d\u2019aquesta professi\u00f3 reglamentada i amb normes corporatives d\u2019observan\u00e7a imperativa.<\/span><\/p>\n<p>[\/et_pb_text][\/et_pb_column][et_pb_column type=&#8221;1_3&#8243; _builder_version=&#8221;4.27.4&#8243; _module_preset=&#8221;default&#8221; global_colors_info=&#8221;{}&#8221;][et_pb_image src=&#8221;https:\/\/www.farmaciatermes.com\/wp-content\/uploads\/2025\/09\/montserrat-e1759141642373.png&#8221; alt=&#8221;Montserrat Casas Carol&#8221; title_text=&#8221;montserrat&#8221; _builder_version=&#8221;4.27.4&#8243; _module_preset=&#8221;default&#8221; background_color=&#8221;#00b8ec&#8221; height=&#8221;250px&#8221; custom_css_main_element=&#8221;border-radius: 10px;&#8221; border_radii=&#8221;on|10px|10px|10px|10px&#8221; global_colors_info=&#8221;{}&#8221;][\/et_pb_image][et_pb_text _builder_version=&#8221;4.27.4&#8243; _module_preset=&#8221;default&#8221; header_font=&#8221;Montserrat|700|||||||&#8221; header_font_size=&#8221;24px&#8221; header_3_font=&#8221;|700|||||||&#8221; header_3_font_size=&#8221;18px&#8221; custom_margin=&#8221;||11px|||&#8221; global_colors_info=&#8221;{}&#8221;]<\/p>\n<h3>Montserrat Casas Carol<\/h3>\n<p>[\/et_pb_text][et_pb_text _builder_version=&#8221;4.27.4&#8243; _module_preset=&#8221;default&#8221; text_font=&#8221;Montserrat||||||||&#8221; text_text_color=&#8221;#5daad4&#8243; header_font=&#8221;Montserrat|700|||||||&#8221; header_font_size=&#8221;24px&#8221; header_3_font=&#8221;|700|||||||&#8221; header_3_font_size=&#8221;18px&#8221; custom_margin=&#8221;-12px||10px|||&#8221; global_colors_info=&#8221;{}&#8221;]<\/p>\n<p><span>Farmac\u00e8utica.<\/span><\/p>\n<p>[\/et_pb_text][et_pb_text _builder_version=&#8221;4.27.4&#8243; _module_preset=&#8221;default&#8221; text_font=&#8221;Montserrat||||||||&#8221; text_font_size=&#8221;12px&#8221; global_colors_info=&#8221;{}&#8221;]<\/p>\n<p style=\"text-align: justify;\"><span>Aquest any acaba els seus estudis de Farm\u00e0cia. Col\u00b7labora amb nosaltres els dissabtes al mat\u00ed i tamb\u00e9 ens ha donat suport en per\u00edodes de substituci\u00f3 de personal de baixa o durant les vacances. \u00c9s la incorporaci\u00f3 m\u00e9s jove amb estudis superiors de Farm\u00e0cia, i tot i que desitja continuar els seus estudis d\u2019especialitzaci\u00f3 farmac\u00e8utica, mant\u00e9 el seu vincle col\u00b7laboratiu amb Farm\u00e0cia Termes des del<\/span> <b>3 de desembre de 2022.<\/b><\/p>\n<p>[\/et_pb_text][\/et_pb_column][\/et_pb_row][et_pb_row column_structure=&#8221;1_3,1_3,1_3&#8243; _builder_version=&#8221;4.27.4&#8243; _module_preset=&#8221;default&#8221; hover_enabled=&#8221;0&#8243; global_colors_info=&#8221;{}&#8221; sticky_enabled=&#8221;0&#8243;][et_pb_column type=&#8221;1_3&#8243; _builder_version=&#8221;4.27.4&#8243; _module_preset=&#8221;default&#8221; global_colors_info=&#8221;{}&#8221;][et_pb_image src=&#8221;https:\/\/www.farmaciatermes.com\/wp-content\/uploads\/2025\/07\/dolors-huguet-2.png&#8221; alt=&#8221;Dolors Huguet&#8221; title_text=&#8221;Foto de Dolors Huguet  &#8221; _builder_version=&#8221;4.27.4&#8243; _module_preset=&#8221;default&#8221; background_color=&#8221;#00b8ec&#8221; height=&#8221;250px&#8221; custom_css_main_element=&#8221;border-radius: 10px;&#8221; border_radii=&#8221;on|10px|10px|10px|10px&#8221; global_colors_info=&#8221;{}&#8221;][\/et_pb_image][et_pb_text _builder_version=&#8221;4.27.4&#8243; _module_preset=&#8221;default&#8221; header_font=&#8221;Montserrat|700|||||||&#8221; header_font_size=&#8221;24px&#8221; header_3_font=&#8221;|700|||||||&#8221; header_3_font_size=&#8221;18px&#8221; custom_margin=&#8221;||11px|||&#8221; global_colors_info=&#8221;{}&#8221;]<\/p>\n<h3>Dolors Huguet Termes<\/h3>\n<p>[\/et_pb_text][et_pb_text _builder_version=&#8221;4.27.4&#8243; _module_preset=&#8221;default&#8221; text_font=&#8221;Montserrat||||||||&#8221; text_text_color=&#8221;#5daad4&#8243; header_font=&#8221;Montserrat|700|||||||&#8221; header_font_size=&#8221;24px&#8221; header_3_font=&#8221;|700|||||||&#8221; header_3_font_size=&#8221;18px&#8221; custom_margin=&#8221;-12px||10px|||&#8221; global_colors_info=&#8221;{}&#8221;]<\/p>\n<p><span>Advocada exercient de l\u2019ICAB. <\/span><\/p>\n<p>[\/et_pb_text][et_pb_text _builder_version=&#8221;4.27.4&#8243; _module_preset=&#8221;default&#8221; text_font=&#8221;Montserrat||||||||&#8221; text_font_size=&#8221;12px&#8221; global_colors_info=&#8221;{}&#8221;]<\/p>\n<p style=\"text-align: justify;\"><span>Cap de personal i directora de compres de Farm\u00e0cia Termes. Contractada<\/span> el 1<b>4 d\u2019octubre de 2015<\/b> <span>per la seva germana i, alhora, socia de la empresa familiar. Assessorament en temes legals i va obtenir l\u2019especialitzaci\u00f3 de m\u00e0ster en direcci\u00f3 de farm\u00e0cia comunit\u00e0ria per ESADE. Actualment col\u00b7labora a Farm\u00e0cia Termes en aspectes corporatius i ha assumit la promoci\u00f3 i direcci\u00f3 del projecte de comer\u00e7 electr\u00f2nic de Farm\u00e0cia Termes.<\/span><\/p>\n<p>[\/et_pb_text][\/et_pb_column][et_pb_column type=&#8221;1_3&#8243; _builder_version=&#8221;4.27.4&#8243; _module_preset=&#8221;default&#8221; global_colors_info=&#8221;{}&#8221;][et_pb_image src=&#8221;https:\/\/www.farmaciatermes.com\/wp-content\/uploads\/2025\/07\/trabajador-tipo.png&#8221; alt=&#8221;Raquel Mullor Gallen&#8221; title_text=&#8221;Foto de Raquel Mullor Gallen&#8221; _builder_version=&#8221;4.27.4&#8243; _module_preset=&#8221;default&#8221; border_radii=&#8221;on|10px|10px|10px|10px&#8221; global_colors_info=&#8221;{}&#8221;][\/et_pb_image][et_pb_text _builder_version=&#8221;4.27.4&#8243; _module_preset=&#8221;default&#8221; header_font=&#8221;Montserrat|700|||||||&#8221; header_font_size=&#8221;24px&#8221; header_3_font=&#8221;|700|||||||&#8221; header_3_font_size=&#8221;18px&#8221; custom_margin=&#8221;||11px|||&#8221; global_colors_info=&#8221;{}&#8221;]<\/p>\n<h3>Raquel Mullor Gallen<\/h3>\n<p>[\/et_pb_text][et_pb_text _builder_version=&#8221;4.27.4&#8243; _module_preset=&#8221;default&#8221; text_font=&#8221;Montserrat||||||||&#8221; text_text_color=&#8221;#5daad4&#8243; header_font=&#8221;Montserrat|700|||||||&#8221; header_font_size=&#8221;24px&#8221; header_3_font=&#8221;|700|||||||&#8221; header_3_font_size=&#8221;18px&#8221; custom_margin=&#8221;-12px||10px|||&#8221; global_colors_info=&#8221;{}&#8221;]<\/p>\n<p><span>Auxiliar de Farm\u00e0cia. <\/span><\/p>\n<p>[\/et_pb_text][et_pb_text _builder_version=&#8221;4.27.4&#8243; _module_preset=&#8221;default&#8221; text_font=&#8221;Montserrat||||||||&#8221; text_font_size=&#8221;12px&#8221; global_colors_info=&#8221;{}&#8221;]<\/p>\n<p style=\"text-align: justify;\"><span>\u00c9s la nostra incorporaci\u00f3 m\u00e9s recent. Auxiliar de Farm\u00e0cia amb molta il\u00b7lusi\u00f3 i que ens ajudar\u00e0 molt amb aquest projecte de web i acc\u00e9s en l\u00ednia als nostres clients i clientes. Compartim amb ella aquest somni de pres\u00e8ncia en l\u00ednia de Farm\u00e0cia Termes i confiem en ella per a molts projectes m\u00e9s. \u00c9s promotora de vendes i encarregada d\u2019exposici\u00f3 de producte a Farm\u00e0cia Termes des del<\/span><b> 21 de juliol de 2025.<\/b> <\/p>\n<p>[\/et_pb_text][\/et_pb_column][et_pb_column type=&#8221;1_3&#8243; _builder_version=&#8221;4.27.4&#8243; _module_preset=&#8221;default&#8221; global_colors_info=&#8221;{}&#8221;][\/et_pb_column][\/et_pb_row][et_pb_row column_structure=&#8221;1_3,1_3,1_3&#8243; _builder_version=&#8221;4.27.4&#8243; _module_preset=&#8221;default&#8221; global_colors_info=&#8221;{}&#8221; disabled_on=&#8221;on|on|on&#8221; disabled=&#8221;on&#8221;][et_pb_column type=&#8221;1_3&#8243; _builder_version=&#8221;4.27.4&#8243; _module_preset=&#8221;default&#8221; global_colors_info=&#8221;{}&#8221;][\/et_pb_column][et_pb_column type=&#8221;1_3&#8243; _builder_version=&#8221;4.27.4&#8243; _module_preset=&#8221;default&#8221; global_colors_info=&#8221;{}&#8221;][et_pb_image src=&#8221;https:\/\/www.farmaciatermes.com\/wp-content\/uploads\/2025\/09\/jose-e1759141591550.png&#8221; alt=&#8221;Jose Exp\u00f3sito Cabrerizo&#8221; title_text=&#8221;jose&#8221; _builder_version=&#8221;4.27.4&#8243; _module_preset=&#8221;default&#8221; background_color=&#8221;#00b8ec&#8221; height=&#8221;250px&#8221; custom_css_main_element=&#8221;border-radius: 10px;&#8221; border_radii=&#8221;on|10px|10px|10px|10px&#8221; global_colors_info=&#8221;{}&#8221;][\/et_pb_image][et_pb_text _builder_version=&#8221;4.27.4&#8243; _module_preset=&#8221;default&#8221; header_font=&#8221;Montserrat|700|||||||&#8221; header_font_size=&#8221;24px&#8221; header_3_font=&#8221;|700|||||||&#8221; header_3_font_size=&#8221;18px&#8221; custom_margin=&#8221;||11px|||&#8221; global_colors_info=&#8221;{}&#8221;]<\/p>\n<h3>Jose Exp\u00f3sito Cabrerizo<\/h3>\n<p>[\/et_pb_text][et_pb_text _builder_version=&#8221;4.27.4&#8243; _module_preset=&#8221;default&#8221; text_font=&#8221;Montserrat||||||||&#8221; text_text_color=&#8221;#5daad4&#8243; header_font=&#8221;Montserrat|700|||||||&#8221; header_font_size=&#8221;24px&#8221; header_3_font=&#8221;|700|||||||&#8221; header_3_font_size=&#8221;18px&#8221; custom_margin=&#8221;-12px||10px|||&#8221; global_colors_info=&#8221;{}&#8221;]<\/p>\n<p><span> T\u00e8cnic Farmac\u00e8utic. <\/span><\/p>\n<p>[\/et_pb_text][et_pb_text _builder_version=&#8221;4.27.4&#8243; _module_preset=&#8221;default&#8221; text_font=&#8221;Montserrat||||||||&#8221; text_font_size=&#8221;12px&#8221; global_colors_info=&#8221;{}&#8221;]<\/p>\n<p style=\"text-align: justify;\">Des del <strong>14 de mar\u00e7 de 2011<\/strong>, \u00e9s el membre m\u00e9s veter\u00e0 de l\u2019equip, amb un gran coneixement dels clients i una forta connexi\u00f3 amb el barri. Especialista en medicaci\u00f3 personalitzada, comparteix aquesta responsabilitat amb la farmac\u00e8utica titular. Actualment, lidera la direcci\u00f3 executiva del projecte de comer\u00e7 electr\u00f2nic.  <\/p>\n<p>[\/et_pb_text][\/et_pb_column][et_pb_column type=&#8221;1_3&#8243; _builder_version=&#8221;4.27.4&#8243; _module_preset=&#8221;default&#8221; global_colors_info=&#8221;{}&#8221;][et_pb_image src=&#8221;https:\/\/www.farmaciatermes.com\/wp-content\/uploads\/2025\/07\/Cristina-Alzamora-1.png&#8221; alt=&#8221;Cristina Alzamora Domingo&#8221; title_text=&#8221;Foto de Cristina Alzamora&#8221; _builder_version=&#8221;4.27.4&#8243; _module_preset=&#8221;default&#8221; background_color=&#8221;#00b8ec&#8221; height=&#8221;250px&#8221; custom_css_main_element=&#8221;border-radius: 10px;&#8221; border_radii=&#8221;on|10px|10px|10px|10px&#8221; global_colors_info=&#8221;{}&#8221;][\/et_pb_image][et_pb_text _builder_version=&#8221;4.27.4&#8243; _module_preset=&#8221;default&#8221; header_font=&#8221;Montserrat|700|||||||&#8221; header_font_size=&#8221;24px&#8221; header_3_font=&#8221;|700|||||||&#8221; header_3_font_size=&#8221;18px&#8221; custom_margin=&#8221;||11px|||&#8221; global_colors_info=&#8221;{}&#8221;]<\/p>\n<h3>Cristina Alzamora Domingo<\/h3>\n<p>[\/et_pb_text][et_pb_text _builder_version=&#8221;4.27.4&#8243; _module_preset=&#8221;default&#8221; text_font=&#8221;Montserrat||||||||&#8221; text_text_color=&#8221;#5daad4&#8243; header_font=&#8221;Montserrat|700|||||||&#8221; header_font_size=&#8221;24px&#8221; header_3_font=&#8221;|700|||||||&#8221; header_3_font_size=&#8221;18px&#8221; custom_margin=&#8221;-12px||10px|||&#8221; global_colors_info=&#8221;{}&#8221;]<\/p>\n<p>Farmac\u00e8utica.<\/p>\n<p>[\/et_pb_text][et_pb_text _builder_version=&#8221;4.27.4&#8243; _module_preset=&#8221;default&#8221; text_font=&#8221;Montserrat||||||||&#8221; text_font_size=&#8221;12px&#8221; global_colors_info=&#8221;{}&#8221;]<\/p>\n<p style=\"text-align: justify;\">Compta amb especialitzaci\u00f3 FIR en farmacologia i una s\u00f2lida experi\u00e8ncia en l\u2019\u00e0mbit hospitalari. Va col\u00b7laborar amb nosaltres el 2017 i, despr\u00e9s de completar la seva formaci\u00f3, es va reincorporar el novembre de 2024, fet que considerem una gran sort. \u00c9s experta en gesti\u00f3 de personal sanitari, aix\u00ed com en la ter\u00e0pia i preparaci\u00f3 de medicaments. El seu retorn suposa reincorporar una professional de primer nivell i una companya molt apreciada tant en l\u2019\u00e0mbit professional com personal.   <\/p>\n<p>[\/et_pb_text][\/et_pb_column][\/et_pb_row][\/et_pb_section]<\/p>\n","protected":false},"excerpt":{"rendered":"<p>A Farm\u00e0cia Termes combinem experi\u00e8ncia, innovaci\u00f3 i proximitat per oferir-te un servei professional, personalitzat i adaptat a les teves necessitats. El nostre comprom\u00eds amb la teva salut \u00e9s constant.Experi\u00e8ncia, Innovaci\u00f3, Atenci\u00f3.Qui som. A Farm\u00e0cia Termes combinem experi\u00e8ncia, innovaci\u00f3 i proximitat per oferir-te un servei professional, personalitzat i adaptat a les teves necessitats. El nostre objectiu: [&hellip;]<\/p>\n","protected":false},"author":1,"featured_media":0,"parent":0,"menu_order":0,"comment_status":"closed","ping_status":"closed","template":"","meta":{"_acf_changed":false,"_et_pb_use_builder":"on","_et_pb_old_content":"","_et_gb_content_width":"","_joinchat":[],"footnotes":""},"class_list":["post-1058","page","type-page","status-publish","hentry"],"acf":[],"aioseo_notices":[],"_links":{"self":[{"href":"https:\/\/www.farmaciatermes.com\/ca\/wp-json\/wp\/v2\/pages\/1058","targetHints":{"allow":["GET"]}}],"collection":[{"href":"https:\/\/www.farmaciatermes.com\/ca\/wp-json\/wp\/v2\/pages"}],"about":[{"href":"https:\/\/www.farmaciatermes.com\/ca\/wp-json\/wp\/v2\/types\/page"}],"author":[{"embeddable":true,"href":"https:\/\/www.farmaciatermes.com\/ca\/wp-json\/wp\/v2\/users\/1"}],"replies":[{"embeddable":true,"href":"https:\/\/www.farmaciatermes.com\/ca\/wp-json\/wp\/v2\/comments?post=1058"}],"version-history":[{"count":1,"href":"https:\/\/www.farmaciatermes.com\/ca\/wp-json\/wp\/v2\/pages\/1058\/revisions"}],"predecessor-version":[{"id":1173,"href":"https:\/\/www.farmaciatermes.com\/ca\/wp-json\/wp\/v2\/pages\/1058\/revisions\/1173"}],"wp:attachment":[{"href":"https:\/\/www.farmaciatermes.com\/ca\/wp-json\/wp\/v2\/media?parent=1058"}],"curies":[{"name":"wp","href":"https:\/\/api.w.org\/{rel}","templated":true}]}}