{"id":1063,"date":"2025-07-23T10:57:50","date_gmt":"2025-07-23T08:57:50","guid":{"rendered":"https:\/\/www.farmaciatermes.com\/sistema-personalitzat-de-dosificacio\/"},"modified":"2025-07-23T10:57:50","modified_gmt":"2025-07-23T08:57:50","slug":"sistema-personalitzat-de-dosificacio","status":"publish","type":"page","link":"https:\/\/www.farmaciatermes.com\/ca\/sistema-personalitzat-de-dosificacio\/","title":{"rendered":"Sistema personalitzat de dosificaci\u00f3"},"content":{"rendered":"<p>[et_pb_section fb_built=&#8221;1&#8243; fullwidth=&#8221;on&#8221; _builder_version=&#8221;4.27.4&#8243; _module_preset=&#8221;default&#8221; top_divider_style=&#8221;wave2&#8243; top_divider_color=&#8221;#FFFFFF&#8221; top_divider_height=&#8221;55px&#8221; top_divider_repeat=&#8221;2x&#8221; top_divider_flip=&#8221;horizontal&#8221; bottom_divider_style=&#8221;curve2&#8243; bottom_divider_color=&#8221;#FFFFFF&#8221; global_colors_info=&#8221;{}&#8221;][et_pb_fullwidth_slider _builder_version=&#8221;4.27.4&#8243; _module_preset=&#8221;default&#8221; hover_enabled=&#8221;0&#8243; global_colors_info=&#8221;{}&#8221; sticky_enabled=&#8221;0&#8243;][et_pb_slide heading=&#8221;Sistema Personalizado de Dosificaci\u00f3n (SPD)&#8221; _builder_version=&#8221;4.27.4&#8243; _module_preset=&#8221;default&#8221; header_level=&#8221;h1&#8243; header_font=&#8221;|800|||||||&#8221; header_font_size=&#8221;38px&#8221; background_color=&#8221;rgba(0,0,0,0.5)&#8221; background_enable_color=&#8221;on&#8221; background_image=&#8221;https:\/\/www.farmaciatermes.com\/wp-content\/uploads\/2025\/07\/CRS9815-scaled.jpg&#8221; background_enable_image=&#8221;on&#8221; background_blend=&#8221;multiply&#8221; hover_enabled=&#8221;0&#8243; global_colors_info=&#8221;{}&#8221; sticky_transition=&#8221;on&#8221; sticky_enabled=&#8221;0&#8243; header_text_color_last_edited=&#8221;on|phone&#8221;]<\/p>\n<p data-start=\"141\" data-end=\"410\"><strong>A Farm\u00e0cia Termes oferim el servei de Sistema Personalitzat de Dosificaci\u00f3 (SPD), pensat per facilitar la gesti\u00f3 de tractaments complexos i garantir la correcta presa dels medicaments. El nostre objectiu \u00e9s ajudar-te a tu o a les persones que cuides a complir el tractament de manera segura i c\u00f2moda. <\/strong><\/p>\n<p>[\/et_pb_slide][\/et_pb_fullwidth_slider][\/et_pb_section][et_pb_section fb_built=&#8221;1&#8243; admin_label=&#8221;Services&#8221; _builder_version=&#8221;4.16&#8243; background_color=&#8221;#edeffa&#8221; locked=&#8221;off&#8221; global_colors_info=&#8221;{}&#8221;][et_pb_row _builder_version=&#8221;4.16&#8243; global_colors_info=&#8221;{}&#8221;][et_pb_column type=&#8221;4_4&#8243; _builder_version=&#8221;4.16&#8243; custom_padding=&#8221;|||&#8221; global_colors_info=&#8221;{}&#8221; custom_padding__hover=&#8221;|||&#8221;][et_pb_text _builder_version=&#8221;4.27.4&#8243; text_font=&#8221;Montserrat|600||on|||||&#8221; text_text_color=&#8221;#ffb342&#8243; text_font_size=&#8221;16px&#8221; text_line_height=&#8221;1.8em&#8221; link_font=&#8221;Montserrat|700|||||||&#8221; link_text_color=&#8221;#fa546d&#8221; link_font_size=&#8221;22px&#8221; link_line_height=&#8221;1.5em&#8221; header_font=&#8221;Montserrat||||||||&#8221; header_2_font=&#8221;Montserrat|700|||||||&#8221; header_2_font_size=&#8221;40px&#8221; header_2_line_height=&#8221;1.4em&#8221; header_6_font=&#8221;Montserrat|600||on|||||&#8221; header_6_text_color=&#8221;#ffb342&#8243; header_6_font_size=&#8221;16px&#8221; header_6_letter_spacing=&#8221;2px&#8221; header_6_line_height=&#8221;1.5em&#8221; text_orientation=&#8221;center&#8221; max_width=&#8221;700px&#8221; max_width_last_edited=&#8221;off|desktop&#8221; module_alignment=&#8221;center&#8221; custom_margin=&#8221;||4px|||&#8221; custom_padding=&#8221;|||&#8221; header_2_font_size_tablet=&#8221;&#8221; header_2_font_size_phone=&#8221;24px&#8221; header_2_font_size_last_edited=&#8221;on|phone&#8221; global_colors_info=&#8221;{}&#8221;]<\/p>\n<p>Mesura la teva salut.<\/p>\n<p>[\/et_pb_text][et_pb_text _builder_version=&#8221;4.27.4&#8243; text_font=&#8221;Montserrat||||||||&#8221; text_font_size=&#8221;16px&#8221; text_line_height=&#8221;1.8em&#8221; link_font=&#8221;Montserrat|700|||||||&#8221; link_text_color=&#8221;#fa546d&#8221; link_font_size=&#8221;22px&#8221; link_line_height=&#8221;1.5em&#8221; header_font=&#8221;||||||||&#8221; header_2_font=&#8221;Montserrat|700|||||||&#8221; header_2_font_size=&#8221;40px&#8221; header_2_line_height=&#8221;1.4em&#8221; header_6_font=&#8221;Montserrat|600||on|||||&#8221; header_6_text_color=&#8221;#ffb342&#8243; header_6_font_size=&#8221;16px&#8221; header_6_letter_spacing=&#8221;2px&#8221; header_6_line_height=&#8221;1.5em&#8221; text_orientation=&#8221;center&#8221; max_width=&#8221;700px&#8221; max_width_last_edited=&#8221;off|desktop&#8221; module_alignment=&#8221;center&#8221; custom_margin=&#8221;||-2px|||&#8221; custom_padding=&#8221;|||&#8221; header_2_font_size_tablet=&#8221;&#8221; header_2_font_size_phone=&#8221;24px&#8221; header_2_font_size_last_edited=&#8221;on|phone&#8221; global_colors_info=&#8221;{}&#8221;]<\/p>\n<h2>Qui pot beneficiar-se de l\u2019SPD?<\/h2>\n<p data-start=\"775\" data-end=\"908\">\n<p>[\/et_pb_text][\/et_pb_column][\/et_pb_row][et_pb_row column_structure=&#8221;1_2,1_2&#8243; _builder_version=&#8221;4.27.4&#8243; _module_preset=&#8221;default&#8221; global_colors_info=&#8221;{}&#8221;][et_pb_column type=&#8221;1_2&#8243; _builder_version=&#8221;4.27.4&#8243; _module_preset=&#8221;default&#8221; global_colors_info=&#8221;{}&#8221;][et_pb_text _builder_version=&#8221;4.27.4&#8243; _module_preset=&#8221;default&#8221; text_font=&#8221;Montserrat||||||||&#8221; text_font_size=&#8221;15px&#8221; global_colors_info=&#8221;{}&#8221;]<\/p>\n<p data-start=\"994\" data-end=\"1029\"><strong>Aquest servei est\u00e0 indicat per a:<\/strong><\/p>\n<ul data-start=\"1030\" data-end=\"1187\">\n<li data-start=\"1030\" data-end=\"1073\">\n<p data-start=\"1032\" data-end=\"1073\">Persones grans amb medicaci\u00f3 di\u00e0ria.<\/p>\n<\/li>\n<li data-start=\"1074\" data-end=\"1131\">\n<p data-start=\"1076\" data-end=\"1131\">Pacients amb tractaments complexos o polimedicats.<\/p>\n<\/li>\n<li data-start=\"1132\" data-end=\"1187\">\n<p data-start=\"1134\" data-end=\"1187\">Cuidadors que gestionen la medicaci\u00f3 d\u2019altres persones.<\/p>\n<\/li>\n<\/ul>\n<p><strong>Avantatges del Sistema Personalitzat de Dosificaci\u00f3:<\/strong><\/p>\n<ul><\/ul>\n<ul data-start=\"1249\" data-end=\"1595\">\n<li data-start=\"1249\" data-end=\"1306\">\n<p data-start=\"1251\" data-end=\"1306\">Millora el control i l\u2019adher\u00e8ncia al tractament.<\/p>\n<\/li>\n<li data-start=\"1307\" data-end=\"1381\">\n<p data-start=\"1309\" data-end=\"1381\">Redueix errors, oblidats i duplicacions en la presa de medicaments.<\/p>\n<\/li>\n<li data-start=\"1382\" data-end=\"1448\">\n<p data-start=\"1384\" data-end=\"1448\">Evita problemes de manipulaci\u00f3 i conservaci\u00f3 incorrecta.<\/p>\n<\/li>\n<li data-start=\"1449\" data-end=\"1518\">\n<p data-start=\"1451\" data-end=\"1518\">Disminueix els riscos de confusi\u00f3 i intoxicacions accidentals.<\/p>\n<\/li>\n<li data-start=\"1519\" data-end=\"1595\">\n<p data-start=\"1521\" data-end=\"1595\">Facilita l\u2019autonomia i aporta tranquil\u00b7litat a cuidadors i familiars.<\/p>\n<\/li>\n<\/ul>\n<p>[\/et_pb_text][\/et_pb_column][et_pb_column type=&#8221;1_2&#8243; _builder_version=&#8221;4.27.4&#8243; _module_preset=&#8221;default&#8221; global_colors_info=&#8221;{}&#8221;][et_pb_image src=&#8221;https:\/\/www.farmaciatermes.com\/wp-content\/uploads\/2025\/07\/CRS9971-scaled.jpg&#8221; alt=&#8221;Sistema personalitzat de dosificaci\u00f3&#8221; title_text=&#8221;Sistema de personalizado de dosificaci\u00f3n&#8221; _builder_version=&#8221;4.27.4&#8243; _module_preset=&#8221;default&#8221; global_colors_info=&#8221;{}&#8221;][\/et_pb_image][\/et_pb_column][\/et_pb_row][et_pb_row _builder_version=&#8221;4.27.4&#8243; _module_preset=&#8221;default&#8221; global_colors_info=&#8221;{}&#8221;][et_pb_column type=&#8221;4_4&#8243; _builder_version=&#8221;4.27.4&#8243; _module_preset=&#8221;default&#8221; global_colors_info=&#8221;{}&#8221;][et_pb_text _builder_version=&#8221;4.27.4&#8243; text_font=&#8221;Montserrat|600||on|||||&#8221; text_text_color=&#8221;#ffb342&#8243; text_font_size=&#8221;16px&#8221; text_line_height=&#8221;1.8em&#8221; link_font=&#8221;Montserrat|700|||||||&#8221; link_text_color=&#8221;#fa546d&#8221; link_font_size=&#8221;22px&#8221; link_line_height=&#8221;1.5em&#8221; header_font=&#8221;Montserrat||||||||&#8221; header_2_font=&#8221;Montserrat|700|||||||&#8221; header_2_font_size=&#8221;40px&#8221; header_2_line_height=&#8221;1.4em&#8221; header_6_font=&#8221;Montserrat|600||on|||||&#8221; header_6_text_color=&#8221;#ffb342&#8243; header_6_font_size=&#8221;16px&#8221; header_6_letter_spacing=&#8221;2px&#8221; header_6_line_height=&#8221;1.5em&#8221; text_orientation=&#8221;center&#8221; max_width=&#8221;700px&#8221; max_width_last_edited=&#8221;off|desktop&#8221; module_alignment=&#8221;center&#8221; custom_margin=&#8221;||4px|||&#8221; custom_padding=&#8221;|||&#8221; header_2_font_size_tablet=&#8221;&#8221; header_2_font_size_phone=&#8221;24px&#8221; header_2_font_size_last_edited=&#8221;on|phone&#8221; global_colors_info=&#8221;{}&#8221;]<\/p>\n<p>Organitzaci\u00f3, Seguretat, Facilitat<\/p>\n<p>[\/et_pb_text][et_pb_text _builder_version=&#8221;4.27.4&#8243; text_font=&#8221;Montserrat||||||||&#8221; text_font_size=&#8221;16px&#8221; text_line_height=&#8221;1.8em&#8221; link_font=&#8221;Montserrat|700|||||||&#8221; link_text_color=&#8221;#fa546d&#8221; link_font_size=&#8221;22px&#8221; link_line_height=&#8221;1.5em&#8221; header_font=&#8221;||||||||&#8221; header_2_font=&#8221;Montserrat|700|||||||&#8221; header_2_font_size=&#8221;40px&#8221; header_2_line_height=&#8221;1.4em&#8221; header_6_font=&#8221;Montserrat|600||on|||||&#8221; header_6_text_color=&#8221;#ffb342&#8243; header_6_font_size=&#8221;16px&#8221; header_6_letter_spacing=&#8221;2px&#8221; header_6_line_height=&#8221;1.5em&#8221; text_orientation=&#8221;center&#8221; max_width=&#8221;700px&#8221; max_width_last_edited=&#8221;off|desktop&#8221; module_alignment=&#8221;center&#8221; custom_margin=&#8221;|||&#8221; custom_padding=&#8221;|||&#8221; header_2_font_size_tablet=&#8221;&#8221; header_2_font_size_phone=&#8221;24px&#8221; header_2_font_size_last_edited=&#8221;on|phone&#8221; global_colors_info=&#8221;{}&#8221;]<\/p>\n<h2>Qualitat i confian\u00e7a garantides<\/h2>\n<p data-start=\"775\" data-end=\"908\">[\/et_pb_text][\/et_pb_column][\/et_pb_row][et_pb_row column_structure=&#8221;1_2,1_2&#8243; _builder_version=&#8221;4.27.4&#8243; _module_preset=&#8221;default&#8221; global_colors_info=&#8221;{}&#8221;][et_pb_column type=&#8221;1_2&#8243; _builder_version=&#8221;4.27.4&#8243; _module_preset=&#8221;default&#8221; global_colors_info=&#8221;{}&#8221;][et_pb_image src=&#8221;https:\/\/www.farmaciatermes.com\/wp-content\/uploads\/2025\/07\/CRS9817-scaled.jpg&#8221; alt=&#8221;Receptes&#8221; title_text=&#8221;Recetas&#8221; _builder_version=&#8221;4.27.4&#8243; _module_preset=&#8221;default&#8221; global_colors_info=&#8221;{}&#8221;][\/et_pb_image][\/et_pb_column][et_pb_column type=&#8221;1_2&#8243; _builder_version=&#8221;4.27.4&#8243; _module_preset=&#8221;default&#8221; global_colors_info=&#8221;{}&#8221;][et_pb_text _builder_version=&#8221;4.27.4&#8243; _module_preset=&#8221;default&#8221; text_font=&#8221;Montserrat||||||||&#8221; text_font_size=&#8221;15px&#8221; global_colors_info=&#8221;{}&#8221;]<\/p>\n<p data-start=\"1469\" data-end=\"1630\" style=\"text-align: justify;\">La Farm\u00e0cia Termes<strong data-start=\"1660\" data-end=\"1704\"> est\u00e0 acreditada pel Servei Catal\u00e0 de la Salut <\/strong>per oferir l\u2019SPD amb totes les garanties de qualitat, seguretat i compliment normatiu. El nostre equip professional t\u2019acompanyar\u00e0 en tot moment per resoldre dubtes i assegurar un servei \u00f2ptim. <\/p>\n<p data-start=\"1469\" data-end=\"1630\" style=\"text-align: justify;\">Contacta amb nosaltres i descobreix com el Sistema Personalitzat de Dosificaci\u00f3 pot millorar la gesti\u00f3 dels teus tractaments i la de les persones que estimes.<\/p>\n<p>[\/et_pb_text][et_pb_button button_url=&#8221;@ET-DC@eyJkeW5hbWljIjp0cnVlLCJjb250ZW50IjoicG9zdF9saW5rX3VybF9wYWdlIiwic2V0dGluZ3MiOnsicG9zdF9pZCI6IjQ5OSIsImVuYWJsZV9odG1sIjoib2ZmIn19@&#8221; button_text=&#8221;Contacto&#8221; button_alignment=&#8221;left&#8221; _builder_version=&#8221;4.27.4&#8243; _dynamic_attributes=&#8221;button_url&#8221; custom_button=&#8221;on&#8221; button_text_size=&#8221;14px&#8221; button_bg_color=&#8221;#ff5473&#8243; button_border_width=&#8221;12px&#8221; button_border_color=&#8221;rgba(0,0,0,0)&#8221; button_border_radius=&#8221;100px&#8221; button_font=&#8221;Montserrat|700|||||||&#8221; button_use_icon=&#8221;off&#8221; background_layout=&#8221;dark&#8221; box_shadow_style=&#8221;preset3&#8243; button_border_radius_hover=&#8221;100px&#8221; button_bg_color_hover=&#8221;#ff6b86&#8243; global_colors_info=&#8221;{}&#8221; button_text_size__hover_enabled=&#8221;off&#8221; button_one_text_size__hover_enabled=&#8221;off&#8221; button_two_text_size__hover_enabled=&#8221;off&#8221; button_text_color__hover_enabled=&#8221;off&#8221; button_one_text_color__hover_enabled=&#8221;off&#8221; button_two_text_color__hover_enabled=&#8221;off&#8221; button_border_width__hover_enabled=&#8221;off&#8221; button_one_border_width__hover_enabled=&#8221;off&#8221; button_two_border_width__hover_enabled=&#8221;off&#8221; button_border_color__hover_enabled=&#8221;off&#8221; button_one_border_color__hover_enabled=&#8221;off&#8221; button_two_border_color__hover_enabled=&#8221;off&#8221; button_border_radius__hover_enabled=&#8221;on&#8221; button_border_radius__hover=&#8221;100px&#8221; button_one_border_radius__hover_enabled=&#8221;off&#8221; button_two_border_radius__hover_enabled=&#8221;off&#8221; button_letter_spacing__hover_enabled=&#8221;off&#8221; button_one_letter_spacing__hover_enabled=&#8221;off&#8221; button_two_letter_spacing__hover_enabled=&#8221;off&#8221; button_bg_color__hover_enabled=&#8221;on&#8221; button_bg_color__hover=&#8221;#ff6b86&#8243; button_one_bg_color__hover_enabled=&#8221;off&#8221; button_two_bg_color__hover_enabled=&#8221;off&#8221;][\/et_pb_button][\/et_pb_column][\/et_pb_row][\/et_pb_section]<\/p>\n","protected":false},"excerpt":{"rendered":"<p>A Farm\u00e0cia Termes oferim el servei de Sistema Personalitzat de Dosificaci\u00f3 (SPD), pensat per facilitar la gesti\u00f3 de tractaments complexos i garantir la correcta presa dels medicaments. El nostre objectiu \u00e9s ajudar-te a tu o a les persones que cuides a complir el tractament de manera segura i c\u00f2moda. Mesura la teva salut.Qui pot beneficiar-se [&hellip;]<\/p>\n","protected":false},"author":1,"featured_media":0,"parent":0,"menu_order":0,"comment_status":"closed","ping_status":"closed","template":"","meta":{"_acf_changed":false,"_et_pb_use_builder":"on","_et_pb_old_content":"","_et_gb_content_width":"","_joinchat":[],"footnotes":""},"class_list":["post-1063","page","type-page","status-publish","hentry"],"acf":[],"aioseo_notices":[],"_links":{"self":[{"href":"https:\/\/www.farmaciatermes.com\/ca\/wp-json\/wp\/v2\/pages\/1063","targetHints":{"allow":["GET"]}}],"collection":[{"href":"https:\/\/www.farmaciatermes.com\/ca\/wp-json\/wp\/v2\/pages"}],"about":[{"href":"https:\/\/www.farmaciatermes.com\/ca\/wp-json\/wp\/v2\/types\/page"}],"author":[{"embeddable":true,"href":"https:\/\/www.farmaciatermes.com\/ca\/wp-json\/wp\/v2\/users\/1"}],"replies":[{"embeddable":true,"href":"https:\/\/www.farmaciatermes.com\/ca\/wp-json\/wp\/v2\/comments?post=1063"}],"version-history":[{"count":0,"href":"https:\/\/www.farmaciatermes.com\/ca\/wp-json\/wp\/v2\/pages\/1063\/revisions"}],"wp:attachment":[{"href":"https:\/\/www.farmaciatermes.com\/ca\/wp-json\/wp\/v2\/media?parent=1063"}],"curies":[{"name":"wp","href":"https:\/\/api.w.org\/{rel}","templated":true}]}}